{"id":66,"date":"2011-08-22T19:14:25","date_gmt":"2011-08-22T17:14:25","guid":{"rendered":"http:\/\/longsard.fr\/fr\/?page_id=66"},"modified":"2021-03-06T14:32:04","modified_gmt":"2021-03-06T13:32:04","slug":"bienvenue-a-longsard","status":"publish","type":"page","link":"https:\/\/longsard.fr\/fr\/index.php\/bienvenue-a-longsard\/","title":{"rendered":"Bienvenue au ch\u00e2teau"},"content":{"rendered":"<p>Cher visiteur,<\/p>\n<p>nous sommes heureux de vous accueillir sur notre site, il n y a que nos clients r\u00e9guliers et fid\u00e8les qui peuvent se porter garant de notre qualit\u00e9, mais veuillez prendre le temps de visiter notre site pour d\u00e9couvrir rapidement les possibilit\u00e9s de s\u00e9jours en <strong>chambres d&rsquo;h\u00f4tes <\/strong>au sein de notre domaine qui se trouve au c\u0153ur des<strong> vignobles<\/strong> du <strong>Beaujolais<\/strong> (30min de <strong>Lyon<\/strong> ou de <strong>Macon<\/strong>).<\/p>\n<p><a href=\"http:\/\/longsard.fr\/fr\/wp-content\/uploads\/2011\/08\/DSC_0043.jpg\"><img loading=\"lazy\" class=\"size-medium wp-image-240 alignright\" title=\"DSC_0043\" src=\"http:\/\/longsard.fr\/fr\/wp-content\/uploads\/2011\/08\/DSC_0043-199x300.jpg\" alt=\"\" width=\"199\" height=\"300\" srcset=\"https:\/\/longsard.fr\/fr\/wp-content\/uploads\/2011\/08\/DSC_0043-199x300.jpg 199w, https:\/\/longsard.fr\/fr\/wp-content\/uploads\/2011\/08\/DSC_0043-680x1024.jpg 680w, https:\/\/longsard.fr\/fr\/wp-content\/uploads\/2011\/08\/DSC_0043.jpg 2000w\" sizes=\"(max-width: 199px) 100vw, 199px\" \/><\/a>Vous serez accueillis au <strong>ch\u00e2teau<\/strong>, un \u00e9difice datant du XVIII\u00e8me si\u00e8cle entour\u00e9 par un parc \u00e0 la fran\u00e7aise class\u00e9. Vous pourrez vous promener dans un domaine de 20 hectares, avec ses all\u00e9es ombrag\u00e9es, son c\u00e8dre tricentenaire, entour\u00e9 de pr\u00e9s et de vignes.&nbsp;Tout est pens\u00e9 ici pour votre bien-\u00eatre et votre d\u00e9tente dans une ambiance familiale et chaleureuse.<\/p>\n<p>Pour obtenir de plus amples renseignements et n\u2019h\u00e9sitez pas \u00e0&nbsp;<a title=\"Contact\" href=\"http:\/\/longsard.fr\/fr\/?page_id=13\">nous contacter<\/a>.<\/p>\n<p>Olivier et Alexandra du Mesnil du Buisson<\/p>\n","protected":false},"excerpt":{"rendered":"<p>Cher visiteur, nous sommes heureux de vous accueillir sur notre site, il n y a que nos clients r\u00e9guliers et fid\u00e8les qui peuvent se porter &hellip;<\/p>\n","protected":false},"author":1,"featured_media":0,"parent":0,"menu_order":0,"comment_status":"closed","ping_status":"open","template":"","meta":{"ngg_post_thumbnail":0},"_links":{"self":[{"href":"https:\/\/longsard.fr\/fr\/index.php\/wp-json\/wp\/v2\/pages\/66"}],"collection":[{"href":"https:\/\/longsard.fr\/fr\/index.php\/wp-json\/wp\/v2\/pages"}],"about":[{"href":"https:\/\/longsard.fr\/fr\/index.php\/wp-json\/wp\/v2\/types\/page"}],"author":[{"embeddable":true,"href":"https:\/\/longsard.fr\/fr\/index.php\/wp-json\/wp\/v2\/users\/1"}],"replies":[{"embeddable":true,"href":"https:\/\/longsard.fr\/fr\/index.php\/wp-json\/wp\/v2\/comments?post=66"}],"version-history":[{"count":12,"href":"https:\/\/longsard.fr\/fr\/index.php\/wp-json\/wp\/v2\/pages\/66\/revisions"}],"predecessor-version":[{"id":452,"href":"https:\/\/longsard.fr\/fr\/index.php\/wp-json\/wp\/v2\/pages\/66\/revisions\/452"}],"wp:attachment":[{"href":"https:\/\/longsard.fr\/fr\/index.php\/wp-json\/wp\/v2\/media?parent=66"}],"curies":[{"name":"wp","href":"https:\/\/api.w.org\/{rel}","templated":true}]}}